{"id":896,"date":"2024-01-22T21:21:49","date_gmt":"2024-01-22T21:21:49","guid":{"rendered":"https:\/\/art-in-society.ffzg.unizg.hr\/?page_id=896"},"modified":"2024-02-12T09:38:05","modified_gmt":"2024-02-12T09:38:05","slug":"24-research-fields-and-objectives","status":"publish","type":"page","link":"https:\/\/art-in-society.ffzg.unizg.hr\/?page_id=896","title":{"rendered":"RESEARCH FIELDS AND OBJECTIVES"},"content":{"rendered":"\n<p><\/p>\n\n\n\n<div class=\"wp-block-columns is-layout-flex wp-container-core-columns-is-layout-28f84493 wp-block-columns-is-layout-flex\">\n<div class=\"wp-block-column is-layout-flow wp-block-column-is-layout-flow\"><\/div>\n<\/div>\n\n\n\n<p><\/p>\n\n\n\n<h2 class=\"wp-block-heading has-large-font-size\" style=\"margin-top:0;margin-right:var(--wp--preset--spacing--40);margin-bottom:0;margin-left:var(--wp--preset--spacing--40)\">RESEARCH FIELDS AND OBJECTIVES<\/h2>\n\n\n\n<div class=\"wp-block-group alignfull has-background is-layout-flow wp-block-group-is-layout-flow\" style=\"background-color:#f7f7d2a6;padding-top:6vw;padding-right:6vw;padding-bottom:6vw;padding-left:6vw\">\n<div class=\"wp-block-group is-vertical is-nowrap is-layout-flex wp-container-core-group-is-layout-36fd9ea3 wp-block-group-is-layout-flex\" style=\"padding-right:0;padding-left:0\">\n<h6 class=\"wp-block-heading has-text-color\" id=\"ecosystem\" style=\"color:#000000;font-size:clamp(14px, 0.875rem + ((1vw - 3.2px) * 0.227), 16px);\">Objective 1<\/h6>\n\n\n\n<p class=\"has-text-color\" style=\"color:#000000;font-size:clamp(21.027px, 1.314rem + ((1vw - 3.2px) * 1.474), 34px);font-style:normal;font-weight:700;letter-spacing:0px;line-height:0.9;text-decoration:none;text-transform:none\">Explore forms of using art for the shaping of space and identity of communities<\/p>\n<\/div>\n\n\n\n<div style=\"height:0px\" aria-hidden=\"true\" class=\"wp-block-spacer\"><\/div>\n\n\n\n<div class=\"wp-block-group alignwide is-vertical is-nowrap is-layout-flex wp-container-core-group-is-layout-7946b6b8 wp-block-group-is-layout-flex\" style=\"padding-top:0;padding-right:0;padding-bottom:0;padding-left:0\">\n<div class=\"wp-block-columns alignwide is-layout-flex wp-container-core-columns-is-layout-21b20327 wp-block-columns-is-layout-flex\">\n<div class=\"wp-block-column is-layout-flow wp-block-column-is-layout-flow\" style=\"flex-basis:50%\">\n<p class=\"has-text-color\" style=\"color:#000000;font-size:clamp(14px, 0.875rem + ((1vw - 3.2px) * 0.114), 15px);\">The first research objective relates to the role of art in shaping the identity of communities. The term community is take to mean the people who live in a specific area or people who are considered a community because of common beliefs, interests or nationality, but also people who define themselves as a group of individuals, organizations and institutions that produce, present and promote artistic activity or those members of the community who support and visit art-related programmes. <\/p>\n\n\n\n<figure data-wp-context=\"{&quot;imageId&quot;:&quot;69f320949aada&quot;}\" data-wp-interactive=\"core\/image\" data-wp-key=\"69f320949aada\" class=\"wp-block-image aligncenter size-full is-resized has-custom-border wp-lightbox-container\"><img loading=\"lazy\" decoding=\"async\" width=\"487\" height=\"305\" data-wp-class--hide=\"state.isContentHidden\" data-wp-class--show=\"state.isContentVisible\" data-wp-init=\"callbacks.setButtonStyles\" data-wp-on--click=\"actions.showLightbox\" data-wp-on--load=\"callbacks.setButtonStyles\" data-wp-on-window--resize=\"callbacks.setButtonStyles\" src=\"https:\/\/art-in-society.ffzg.unizg.hr\/wp-content\/uploads\/2024\/01\/Slika3-1.jpg\" alt=\"\" class=\"wp-image-1490\" style=\"border-radius:10px;width:437px;height:auto\" srcset=\"https:\/\/art-in-society.ffzg.unizg.hr\/wp-content\/uploads\/2024\/01\/Slika3-1.jpg 487w, https:\/\/art-in-society.ffzg.unizg.hr\/wp-content\/uploads\/2024\/01\/Slika3-1-300x188.jpg 300w\" sizes=\"auto, (max-width: 487px) 100vw, 487px\" \/><button\n\t\t\tclass=\"lightbox-trigger\"\n\t\t\ttype=\"button\"\n\t\t\taria-haspopup=\"dialog\"\n\t\t\taria-label=\"Enlarge\"\n\t\t\tdata-wp-init=\"callbacks.initTriggerButton\"\n\t\t\tdata-wp-on--click=\"actions.showLightbox\"\n\t\t\tdata-wp-style--right=\"state.imageButtonRight\"\n\t\t\tdata-wp-style--top=\"state.imageButtonTop\"\n\t\t>\n\t\t\t<svg xmlns=\"http:\/\/www.w3.org\/2000\/svg\" width=\"12\" height=\"12\" fill=\"none\" viewBox=\"0 0 12 12\">\n\t\t\t\t<path fill=\"#fff\" d=\"M2 0a2 2 0 0 0-2 2v2h1.5V2a.5.5 0 0 1 .5-.5h2V0H2Zm2 10.5H2a.5.5 0 0 1-.5-.5V8H0v2a2 2 0 0 0 2 2h2v-1.5ZM8 12v-1.5h2a.5.5 0 0 0 .5-.5V8H12v2a2 2 0 0 1-2 2H8Zm2-12a2 2 0 0 1 2 2v2h-1.5V2a.5.5 0 0 0-.5-.5H8V0h2Z\" \/>\n\t\t\t<\/svg>\n\t\t<\/button><figcaption class=\"wp-element-caption\">Giovanni Clericy, Giulio Duimich, The seat of the provincial administration, Rijeka, 1932 (Collection<em>&nbsp;<\/em>Sergio Kristafor)<\/figcaption><\/figure>\n\n\n\n<p style=\"font-size:clamp(14px, 0.875rem + ((1vw - 3.2px) * 0.114), 15px);\">Based on microhistorical approach to analysis of archival documents from public, church and private archives and museum institutions, research within the first objective attempts to determine specific actors standing behind art projects created for different communities, how they were influenced by social, economic and political circumstances and what represented role models and starting points.<\/p>\n<\/div>\n\n\n\n<div class=\"wp-block-column is-layout-flow wp-block-column-is-layout-flow\" style=\"flex-basis:50%\">\n<figure class=\"wp-block-image aligncenter size-full is-resized has-custom-border\"><img loading=\"lazy\" decoding=\"async\" width=\"952\" height=\"309\" src=\"https:\/\/art-in-society.ffzg.unizg.hr\/wp-content\/uploads\/2024\/01\/Za-cilj-1-ilustracija_OBRADA.jpg\" alt=\"\" class=\"wp-image-2217\" style=\"border-radius:10px;width:535px;height:auto\" srcset=\"https:\/\/art-in-society.ffzg.unizg.hr\/wp-content\/uploads\/2024\/01\/Za-cilj-1-ilustracija_OBRADA.jpg 952w, https:\/\/art-in-society.ffzg.unizg.hr\/wp-content\/uploads\/2024\/01\/Za-cilj-1-ilustracija_OBRADA-300x97.jpg 300w, https:\/\/art-in-society.ffzg.unizg.hr\/wp-content\/uploads\/2024\/01\/Za-cilj-1-ilustracija_OBRADA-768x249.jpg 768w\" sizes=\"auto, (max-width: 952px) 100vw, 952px\" \/><\/figure>\n\n\n\n<p style=\"font-size:clamp(14px, 0.875rem + ((1vw - 3.2px) * 0.114), 15px);\"><br>The research results framed by this objective can be divided into two groups. The first is related to the research into the construction of the identity of religious and national communities through art, and the second to the research of artistic interventions in public spaces of different communities mediated by institutions or organizations and their influence on identity building.<\/p>\n\n\n\n<figure data-wp-context=\"{&quot;imageId&quot;:&quot;69f320949b25a&quot;}\" data-wp-interactive=\"core\/image\" data-wp-key=\"69f320949b25a\" class=\"wp-block-image aligncenter size-large is-resized has-custom-border wp-lightbox-container\"><img loading=\"lazy\" decoding=\"async\" width=\"1024\" height=\"683\" data-wp-class--hide=\"state.isContentHidden\" data-wp-class--show=\"state.isContentVisible\" data-wp-init=\"callbacks.setButtonStyles\" data-wp-on--click=\"actions.showLightbox\" data-wp-on--load=\"callbacks.setButtonStyles\" data-wp-on-window--resize=\"callbacks.setButtonStyles\" src=\"https:\/\/art-in-society.ffzg.unizg.hr\/wp-content\/uploads\/2024\/01\/Loncaric_Ambasador-1-1024x683.jpg\" alt=\"\" class=\"wp-image-1493\" style=\"border-radius:10px;width:406px;height:auto\" srcset=\"https:\/\/art-in-society.ffzg.unizg.hr\/wp-content\/uploads\/2024\/01\/Loncaric_Ambasador-1-1024x683.jpg 1024w, https:\/\/art-in-society.ffzg.unizg.hr\/wp-content\/uploads\/2024\/01\/Loncaric_Ambasador-1-300x200.jpg 300w, https:\/\/art-in-society.ffzg.unizg.hr\/wp-content\/uploads\/2024\/01\/Loncaric_Ambasador-1-768x512.jpg 768w, https:\/\/art-in-society.ffzg.unizg.hr\/wp-content\/uploads\/2024\/01\/Loncaric_Ambasador-1-1536x1024.jpg 1536w, https:\/\/art-in-society.ffzg.unizg.hr\/wp-content\/uploads\/2024\/01\/Loncaric_Ambasador-1-2048x1365.jpg 2048w\" sizes=\"auto, (max-width: 1024px) 100vw, 1024px\" \/><button\n\t\t\tclass=\"lightbox-trigger\"\n\t\t\ttype=\"button\"\n\t\t\taria-haspopup=\"dialog\"\n\t\t\taria-label=\"Enlarge\"\n\t\t\tdata-wp-init=\"callbacks.initTriggerButton\"\n\t\t\tdata-wp-on--click=\"actions.showLightbox\"\n\t\t\tdata-wp-style--right=\"state.imageButtonRight\"\n\t\t\tdata-wp-style--top=\"state.imageButtonTop\"\n\t\t>\n\t\t\t<svg xmlns=\"http:\/\/www.w3.org\/2000\/svg\" width=\"12\" height=\"12\" fill=\"none\" viewBox=\"0 0 12 12\">\n\t\t\t\t<path fill=\"#fff\" d=\"M2 0a2 2 0 0 0-2 2v2h1.5V2a.5.5 0 0 1 .5-.5h2V0H2Zm2 10.5H2a.5.5 0 0 1-.5-.5V8H0v2a2 2 0 0 0 2 2h2v-1.5ZM8 12v-1.5h2a.5.5 0 0 0 .5-.5V8H12v2a2 2 0 0 1-2 2H8Zm2-12a2 2 0 0 1 2 2v2h-1.5V2a.5.5 0 0 0-.5-.5H8V0h2Z\" \/>\n\t\t\t<\/svg>\n\t\t<\/button><figcaption class=\"wp-element-caption\">Zvonimir Lon\u010dari\u0107, mosaic on the wall of the winter pool of Hotel Ambasador, Opatija, 1966. Photo: Patricia Po\u010dani\u0107.<\/figcaption><\/figure>\n<\/div>\n<\/div>\n<\/div>\n<\/div>\n\n\n\n<div class=\"wp-block-group alignfull has-background is-layout-flow wp-block-group-is-layout-flow\" style=\"background-color:#d1e8e8b3;padding-top:6vw;padding-right:6vw;padding-bottom:6vw;padding-left:6vw\">\n<div class=\"wp-block-group is-vertical is-nowrap is-layout-flex wp-container-core-group-is-layout-36fd9ea3 wp-block-group-is-layout-flex\" style=\"padding-right:0;padding-left:0\">\n<h6 class=\"wp-block-heading has-text-color\" id=\"ecosystem\" style=\"color:#000000;font-size:clamp(14px, 0.875rem + ((1vw - 3.2px) * 0.227), 16px);\">Objective 2<\/h6>\n\n\n\n<p class=\"has-text-color\" style=\"color:#000000;font-size:clamp(21.027px, 1.314rem + ((1vw - 3.2px) * 1.474), 34px);font-style:normal;font-weight:700;letter-spacing:0px;line-height:0.9;text-decoration:none;text-transform:none\">Explore roles of art in the development of social standard<\/p>\n<\/div>\n\n\n\n<div style=\"height:13px\" aria-hidden=\"true\" class=\"wp-block-spacer\"><\/div>\n\n\n\n<div class=\"wp-block-group alignwide is-vertical is-nowrap is-layout-flex wp-container-core-group-is-layout-7946b6b8 wp-block-group-is-layout-flex\" style=\"padding-top:0;padding-right:0;padding-bottom:0;padding-left:0\">\n<div class=\"wp-block-columns alignwide is-layout-flex wp-container-core-columns-is-layout-21b20327 wp-block-columns-is-layout-flex\">\n<div class=\"wp-block-column is-layout-flow wp-block-column-is-layout-flow\" style=\"font-size:clamp(14px, 0.875rem + ((1vw - 3.2px) * 0.114), 15px);flex-basis:50%\">\n<p>Within the second objective, research will focus on the ways in which art has been used to encourage social transformation. Just as the changes in social circumstances influenced the transformation of visual expression, the production in the field of visual communication over the last two and a half centuries, played an important role in the gradual transformation of society. In the 19<sup>th<\/sup>, and partly in the 20<sup>th<\/sup> century, it played a key role in promoting the modernist belief in constant progress, especially that based on culture and art and development of social standard.<\/p>\n\n\n\n<p><\/p>\n\n\n\n<figure data-wp-context=\"{&quot;imageId&quot;:&quot;69f320949bc59&quot;}\" data-wp-interactive=\"core\/image\" data-wp-key=\"69f320949bc59\" class=\"wp-block-image aligncenter size-full is-resized has-custom-border wp-lightbox-container\"><img loading=\"lazy\" decoding=\"async\" width=\"1251\" height=\"992\" data-wp-class--hide=\"state.isContentHidden\" data-wp-class--show=\"state.isContentVisible\" data-wp-init=\"callbacks.setButtonStyles\" data-wp-on--click=\"actions.showLightbox\" data-wp-on--load=\"callbacks.setButtonStyles\" data-wp-on-window--resize=\"callbacks.setButtonStyles\" src=\"https:\/\/art-in-society.ffzg.unizg.hr\/wp-content\/uploads\/2024\/01\/Triennale-Milano.jpg\" alt=\"\" class=\"wp-image-2208\" style=\"border-style:none;border-width:0px;border-radius:10px;width:447px;height:auto\" srcset=\"https:\/\/art-in-society.ffzg.unizg.hr\/wp-content\/uploads\/2024\/01\/Triennale-Milano.jpg 1251w, https:\/\/art-in-society.ffzg.unizg.hr\/wp-content\/uploads\/2024\/01\/Triennale-Milano-300x238.jpg 300w, https:\/\/art-in-society.ffzg.unizg.hr\/wp-content\/uploads\/2024\/01\/Triennale-Milano-1024x812.jpg 1024w, https:\/\/art-in-society.ffzg.unizg.hr\/wp-content\/uploads\/2024\/01\/Triennale-Milano-768x609.jpg 768w\" sizes=\"auto, (max-width: 1251px) 100vw, 1251px\" \/><button\n\t\t\tclass=\"lightbox-trigger\"\n\t\t\ttype=\"button\"\n\t\t\taria-haspopup=\"dialog\"\n\t\t\taria-label=\"Enlarge\"\n\t\t\tdata-wp-init=\"callbacks.initTriggerButton\"\n\t\t\tdata-wp-on--click=\"actions.showLightbox\"\n\t\t\tdata-wp-style--right=\"state.imageButtonRight\"\n\t\t\tdata-wp-style--top=\"state.imageButtonTop\"\n\t\t>\n\t\t\t<svg xmlns=\"http:\/\/www.w3.org\/2000\/svg\" width=\"12\" height=\"12\" fill=\"none\" viewBox=\"0 0 12 12\">\n\t\t\t\t<path fill=\"#fff\" d=\"M2 0a2 2 0 0 0-2 2v2h1.5V2a.5.5 0 0 1 .5-.5h2V0H2Zm2 10.5H2a.5.5 0 0 1-.5-.5V8H0v2a2 2 0 0 0 2 2h2v-1.5ZM8 12v-1.5h2a.5.5 0 0 0 .5-.5V8H12v2a2 2 0 0 1-2 2H8Zm2-12a2 2 0 0 1 2 2v2h-1.5V2a.5.5 0 0 0-.5-.5H8V0h2Z\" \/>\n\t\t\t<\/svg>\n\t\t<\/button><figcaption class=\"wp-element-caption\">XI Triennale di Milano, 1957, in: <em>Arhitektura<\/em>, no. 1\u20136 (1957)<\/figcaption><\/figure>\n\n\n\n<p>Public institutions and state administrative bodies (in single-party, national unitary, national socialist, fascist and communist regimes and democratic types of government), certain interest groups and individuals, artists and patrons, used the means of artistic expression to promote their own interests, ideals and ideological constructs, to encourage changes in society, adoption of new technologies, and improvement of social standard and culture of living.<\/p>\n\n\n\n<p>These were all reflected in the forms of fine arts with which communities are in the most direct contact, namely, public or residential architecture and industrial interior design and furnishing. Finally, in the last few decades, the potential of visual communication has been abundantly used by creative industries, cultural tourism and various cultural events.<\/p>\n<\/div>\n\n\n\n<div class=\"wp-block-column is-layout-flow wp-container-core-column-is-layout-8a368f38 wp-block-column-is-layout-flow\" style=\"font-size:clamp(14px, 0.875rem + ((1vw - 3.2px) * 0.114), 15px);flex-basis:50%\">\n<figure class=\"wp-block-image aligncenter size-large is-resized has-custom-border\"><img loading=\"lazy\" decoding=\"async\" width=\"1024\" height=\"770\" src=\"https:\/\/art-in-society.ffzg.unizg.hr\/wp-content\/uploads\/2024\/01\/1-1-1024x770.jpg\" alt=\"\" class=\"wp-image-2297\" style=\"border-radius:10px;width:545px;height:auto\" srcset=\"https:\/\/art-in-society.ffzg.unizg.hr\/wp-content\/uploads\/2024\/01\/1-1-1024x770.jpg 1024w, https:\/\/art-in-society.ffzg.unizg.hr\/wp-content\/uploads\/2024\/01\/1-1-300x226.jpg 300w, https:\/\/art-in-society.ffzg.unizg.hr\/wp-content\/uploads\/2024\/01\/1-1-768x578.jpg 768w, https:\/\/art-in-society.ffzg.unizg.hr\/wp-content\/uploads\/2024\/01\/1-1-1536x1156.jpg 1536w, https:\/\/art-in-society.ffzg.unizg.hr\/wp-content\/uploads\/2024\/01\/1-1.jpg 1854w\" sizes=\"auto, (max-width: 1024px) 100vw, 1024px\" \/><figcaption class=\"wp-element-caption\">Housing towers, Zvonimirova Street, Rijeka (City Museum of Rijeka, foto: Milan Pavi\u0107)<\/figcaption><\/figure>\n\n\n\n<p class=\"has-text-align-left has-text-color\" style=\"color:#000000;font-size:clamp(14px, 0.875rem + ((1vw - 3.2px) * 0.114), 15px);\">The second branch of research will yield results that concern the research of cooperation with the public in museums and art organisations, which is a practice that tries to address social needs or problems through co-creation of meaning, whereby the concept of shared authority is set as the basic principle of cooperation. This, specifically, concerns research into forms of mediation (physical and digital) by institutions and art organizations in participatory relations between users and art and research into the views of experts and users.<\/p>\n\n\n\n<p><\/p>\n\n\n\n<figure data-wp-context=\"{&quot;imageId&quot;:&quot;69f320949c349&quot;}\" data-wp-interactive=\"core\/image\" data-wp-key=\"69f320949c349\" class=\"wp-block-image aligncenter size-large is-resized has-custom-border wp-lightbox-container\"><img loading=\"lazy\" decoding=\"async\" width=\"482\" height=\"1024\" data-wp-class--hide=\"state.isContentHidden\" data-wp-class--show=\"state.isContentVisible\" data-wp-init=\"callbacks.setButtonStyles\" data-wp-on--click=\"actions.showLightbox\" data-wp-on--load=\"callbacks.setButtonStyles\" data-wp-on-window--resize=\"callbacks.setButtonStyles\" src=\"https:\/\/art-in-society.ffzg.unizg.hr\/wp-content\/uploads\/2024\/01\/Zvonko-Beker_Oglas-za-Rosal-kozmeticku-seriju_Vjesnik-u-srijedu_1965-5-482x1024.jpg\" alt=\"\" class=\"wp-image-1512\" style=\"border-radius:10px;width:144px;height:auto\" srcset=\"https:\/\/art-in-society.ffzg.unizg.hr\/wp-content\/uploads\/2024\/01\/Zvonko-Beker_Oglas-za-Rosal-kozmeticku-seriju_Vjesnik-u-srijedu_1965-5-482x1024.jpg 482w, https:\/\/art-in-society.ffzg.unizg.hr\/wp-content\/uploads\/2024\/01\/Zvonko-Beker_Oglas-za-Rosal-kozmeticku-seriju_Vjesnik-u-srijedu_1965-5-141x300.jpg 141w, https:\/\/art-in-society.ffzg.unizg.hr\/wp-content\/uploads\/2024\/01\/Zvonko-Beker_Oglas-za-Rosal-kozmeticku-seriju_Vjesnik-u-srijedu_1965-5.jpg 500w\" sizes=\"auto, (max-width: 482px) 100vw, 482px\" \/><button\n\t\t\tclass=\"lightbox-trigger\"\n\t\t\ttype=\"button\"\n\t\t\taria-haspopup=\"dialog\"\n\t\t\taria-label=\"Enlarge\"\n\t\t\tdata-wp-init=\"callbacks.initTriggerButton\"\n\t\t\tdata-wp-on--click=\"actions.showLightbox\"\n\t\t\tdata-wp-style--right=\"state.imageButtonRight\"\n\t\t\tdata-wp-style--top=\"state.imageButtonTop\"\n\t\t>\n\t\t\t<svg xmlns=\"http:\/\/www.w3.org\/2000\/svg\" width=\"12\" height=\"12\" fill=\"none\" viewBox=\"0 0 12 12\">\n\t\t\t\t<path fill=\"#fff\" d=\"M2 0a2 2 0 0 0-2 2v2h1.5V2a.5.5 0 0 1 .5-.5h2V0H2Zm2 10.5H2a.5.5 0 0 1-.5-.5V8H0v2a2 2 0 0 0 2 2h2v-1.5ZM8 12v-1.5h2a.5.5 0 0 0 .5-.5V8H12v2a2 2 0 0 1-2 2H8Zm2-12a2 2 0 0 1 2 2v2h-1.5V2a.5.5 0 0 0-.5-.5H8V0h2Z\" \/>\n\t\t\t<\/svg>\n\t\t<\/button><figcaption class=\"wp-element-caption\">Zvonko Beker, Advertisement for Rosal cosmetics, in: <em>Vjesnik u srijedu<\/em> (1965)<\/figcaption><\/figure>\n<\/div>\n<\/div>\n<\/div>\n<\/div>\n\n\n\n<div class=\"wp-block-group alignfull has-background is-layout-flow wp-block-group-is-layout-flow\" style=\"background-color:#cfcabe59;padding-top:6vw;padding-right:6vw;padding-bottom:6vw;padding-left:6vw\">\n<div class=\"wp-block-group is-vertical is-nowrap is-layout-flex wp-container-core-group-is-layout-36fd9ea3 wp-block-group-is-layout-flex\" style=\"padding-right:0;padding-left:0\">\n<h6 class=\"wp-block-heading has-text-color\" id=\"ecosystem\" style=\"color:#000000;font-size:clamp(14px, 0.875rem + ((1vw - 3.2px) * 0.227), 16px);\">Objective 3<\/h6>\n\n\n\n<p class=\"has-text-color\" style=\"color:#000000;font-size:clamp(21.027px, 1.314rem + ((1vw - 3.2px) * 1.474), 34px);font-style:normal;font-weight:700;letter-spacing:0px;line-height:0.9;text-decoration:none;text-transform:none\">Explore approaches to education about and through art<\/p>\n<\/div>\n\n\n\n<div style=\"height:1vw\" aria-hidden=\"true\" class=\"wp-block-spacer\"><\/div>\n\n\n\n<div class=\"wp-block-group alignwide is-vertical is-nowrap is-layout-flex wp-container-core-group-is-layout-7946b6b8 wp-block-group-is-layout-flex\" style=\"padding-top:0;padding-right:0;padding-bottom:0;padding-left:0\">\n<div class=\"wp-block-columns alignwide is-layout-flex wp-container-core-columns-is-layout-21b20327 wp-block-columns-is-layout-flex\">\n<div class=\"wp-block-column is-layout-flow wp-block-column-is-layout-flow\" style=\"flex-basis:50%\">\n<p class=\"has-text-color\" style=\"color:#000000;font-size:clamp(14px, 0.875rem + ((1vw - 3.2px) * 0.114), 15px);\">The third research objective is to observe the influence that experts, artists and institutions have in wider social contexts through their activities in the fields of education, media and culture. Within this objective, research will focus on models of media activity that experts adopt with the aim of promoting cultural, artistic and educational content, not only in professional circles, but also in wider social contexts.<\/p>\n\n\n\n<p style=\"font-size:clamp(14px, 0.875rem + ((1vw - 3.2px) * 0.114), 15px);\">Different forms of mass media will be analyzed as communication channels: print, radio and especially television media as a new influential social mediating system of the middle of the 20<sup>th<\/sup> century.<\/p>\n\n\n\n<figure data-wp-context=\"{&quot;imageId&quot;:&quot;69f320949ce4b&quot;}\" data-wp-interactive=\"core\/image\" data-wp-key=\"69f320949ce4b\" class=\"wp-block-image aligncenter size-large is-resized has-custom-border wp-lightbox-container\"><img loading=\"lazy\" decoding=\"async\" width=\"943\" height=\"1024\" data-wp-class--hide=\"state.isContentHidden\" data-wp-class--show=\"state.isContentVisible\" data-wp-init=\"callbacks.setButtonStyles\" data-wp-on--click=\"actions.showLightbox\" data-wp-on--load=\"callbacks.setButtonStyles\" data-wp-on-window--resize=\"callbacks.setButtonStyles\" src=\"https:\/\/art-in-society.ffzg.unizg.hr\/wp-content\/uploads\/2024\/01\/Fig.-13-943x1024.jpg\" alt=\"\" class=\"wp-image-2218\" style=\"border-style:none;border-width:0px;border-radius:10px;width:371px;height:auto\" srcset=\"https:\/\/art-in-society.ffzg.unizg.hr\/wp-content\/uploads\/2024\/01\/Fig.-13-943x1024.jpg 943w, https:\/\/art-in-society.ffzg.unizg.hr\/wp-content\/uploads\/2024\/01\/Fig.-13-276x300.jpg 276w, https:\/\/art-in-society.ffzg.unizg.hr\/wp-content\/uploads\/2024\/01\/Fig.-13-768x834.jpg 768w, https:\/\/art-in-society.ffzg.unizg.hr\/wp-content\/uploads\/2024\/01\/Fig.-13-1415x1536.jpg 1415w, https:\/\/art-in-society.ffzg.unizg.hr\/wp-content\/uploads\/2024\/01\/Fig.-13.jpg 1497w\" sizes=\"auto, (max-width: 943px) 100vw, 943px\" \/><button\n\t\t\tclass=\"lightbox-trigger\"\n\t\t\ttype=\"button\"\n\t\t\taria-haspopup=\"dialog\"\n\t\t\taria-label=\"Enlarge\"\n\t\t\tdata-wp-init=\"callbacks.initTriggerButton\"\n\t\t\tdata-wp-on--click=\"actions.showLightbox\"\n\t\t\tdata-wp-style--right=\"state.imageButtonRight\"\n\t\t\tdata-wp-style--top=\"state.imageButtonTop\"\n\t\t>\n\t\t\t<svg xmlns=\"http:\/\/www.w3.org\/2000\/svg\" width=\"12\" height=\"12\" fill=\"none\" viewBox=\"0 0 12 12\">\n\t\t\t\t<path fill=\"#fff\" d=\"M2 0a2 2 0 0 0-2 2v2h1.5V2a.5.5 0 0 1 .5-.5h2V0H2Zm2 10.5H2a.5.5 0 0 1-.5-.5V8H0v2a2 2 0 0 0 2 2h2v-1.5ZM8 12v-1.5h2a.5.5 0 0 0 .5-.5V8H12v2a2 2 0 0 1-2 2H8Zm2-12a2 2 0 0 1 2 2v2h-1.5V2a.5.5 0 0 0-.5-.5H8V0h2Z\" \/>\n\t\t\t<\/svg>\n\t\t<\/button><figcaption class=\"wp-element-caption\"><em>Students at the exhibition<\/em>, from the text <em>Students and paintings<\/em> by Josip Depolo, in: <em>Vjesnik Socijalisti\u010dkog saveza radnog naroda Hrvatske<\/em>, March 12, 1961, p. 7<\/figcaption><\/figure>\n<\/div>\n\n\n\n<div class=\"wp-block-column is-layout-flow wp-block-column-is-layout-flow\" style=\"flex-basis:50%\">\n<figure data-wp-context=\"{&quot;imageId&quot;:&quot;69f320949d4bd&quot;}\" data-wp-interactive=\"core\/image\" data-wp-key=\"69f320949d4bd\" class=\"wp-block-image aligncenter size-large is-resized has-custom-border wp-lightbox-container\"><img loading=\"lazy\" decoding=\"async\" width=\"1024\" height=\"576\" data-wp-class--hide=\"state.isContentHidden\" data-wp-class--show=\"state.isContentVisible\" data-wp-init=\"callbacks.setButtonStyles\" data-wp-on--click=\"actions.showLightbox\" data-wp-on--load=\"callbacks.setButtonStyles\" data-wp-on-window--resize=\"callbacks.setButtonStyles\" src=\"https:\/\/art-in-society.ffzg.unizg.hr\/wp-content\/uploads\/2024\/01\/002_Ford-photos_B83_F1370_Midwest-Airborne-Educational-Television-2_Display-1024x576.jpg\" alt=\"\" class=\"wp-image-2219\" style=\"border-radius:10px;width:484px;height:auto\" srcset=\"https:\/\/art-in-society.ffzg.unizg.hr\/wp-content\/uploads\/2024\/01\/002_Ford-photos_B83_F1370_Midwest-Airborne-Educational-Television-2_Display-1024x576.jpg 1024w, https:\/\/art-in-society.ffzg.unizg.hr\/wp-content\/uploads\/2024\/01\/002_Ford-photos_B83_F1370_Midwest-Airborne-Educational-Television-2_Display-300x169.jpg 300w, https:\/\/art-in-society.ffzg.unizg.hr\/wp-content\/uploads\/2024\/01\/002_Ford-photos_B83_F1370_Midwest-Airborne-Educational-Television-2_Display-768x432.jpg 768w, https:\/\/art-in-society.ffzg.unizg.hr\/wp-content\/uploads\/2024\/01\/002_Ford-photos_B83_F1370_Midwest-Airborne-Educational-Television-2_Display-1536x864.jpg 1536w, https:\/\/art-in-society.ffzg.unizg.hr\/wp-content\/uploads\/2024\/01\/002_Ford-photos_B83_F1370_Midwest-Airborne-Educational-Television-2_Display-2048x1152.jpg 2048w\" sizes=\"auto, (max-width: 1024px) 100vw, 1024px\" \/><button\n\t\t\tclass=\"lightbox-trigger\"\n\t\t\ttype=\"button\"\n\t\t\taria-haspopup=\"dialog\"\n\t\t\taria-label=\"Enlarge\"\n\t\t\tdata-wp-init=\"callbacks.initTriggerButton\"\n\t\t\tdata-wp-on--click=\"actions.showLightbox\"\n\t\t\tdata-wp-style--right=\"state.imageButtonRight\"\n\t\t\tdata-wp-style--top=\"state.imageButtonTop\"\n\t\t>\n\t\t\t<svg xmlns=\"http:\/\/www.w3.org\/2000\/svg\" width=\"12\" height=\"12\" fill=\"none\" viewBox=\"0 0 12 12\">\n\t\t\t\t<path fill=\"#fff\" d=\"M2 0a2 2 0 0 0-2 2v2h1.5V2a.5.5 0 0 1 .5-.5h2V0H2Zm2 10.5H2a.5.5 0 0 1-.5-.5V8H0v2a2 2 0 0 0 2 2h2v-1.5ZM8 12v-1.5h2a.5.5 0 0 0 .5-.5V8H12v2a2 2 0 0 1-2 2H8Zm2-12a2 2 0 0 1 2 2v2h-1.5V2a.5.5 0 0 0-.5-.5H8V0h2Z\" \/>\n\t\t\t<\/svg>\n\t\t<\/button><figcaption class=\"wp-element-caption\"><a href=\"https:\/\/resource.rockarch.org\/002_ford-photos_b83_f1370_midwest-airborne-educational-television-2_display\/\" target=\"_blank\" rel=\"noreferrer noopener\">Repository: Rockefeller Archive Center<\/a>, Creative Commons (CC BY 4.0 DEED)<\/figcaption><\/figure>\n\n\n\n<p style=\"font-size:clamp(14px, 0.875rem + ((1vw - 3.2px) * 0.114), 15px);\">The research results within this research objective can be divided into two groups. The first group relates to the social activity of Croatian 19<sup>th<\/sup>&#8211; and 20<sup>th<\/sup>&#8211; century art historians, especially Zagreb-based university art history professors, and the second group to the social activity of selected Croatian artists, museum workers and art groups.<\/p>\n\n\n\n<p style=\"font-size:clamp(14px, 0.875rem + ((1vw - 3.2px) * 0.114), 15px);\">In accordance with the chronological principle, this goal will result in a series of papers on the activities of art historians, artists and art groups from the mid-19<sup>th<\/sup> century to the end of WWII&nbsp; (Iso Kr\u0161njavi, Marko Murat, Kosta Strajni\u0107, Marko Vidakovi\u0107, Stjepan Plani\u0107 and others), and activities in the period after WWII, resulting in published and presented papers on the public activity of university art history professors (Grgo Gamulin, Milan Prelog, Vera Horvat Pintari\u0107, Radovan Ivan\u010devi\u0107, etc.) in the media, for example, television and radio shows as well as exhibitions.<\/p>\n<\/div>\n<\/div>\n<\/div>\n<\/div>\n\n\n\n<div class=\"wp-block-group alignfull has-background is-layout-flow wp-block-group-is-layout-flow\" style=\"background-color:#e5daf091;padding-top:6vw;padding-right:6vw;padding-bottom:6vw;padding-left:6vw\">\n<div class=\"wp-block-group is-vertical is-nowrap is-layout-flex wp-container-core-group-is-layout-36fd9ea3 wp-block-group-is-layout-flex\" style=\"padding-right:0;padding-left:0\">\n<h6 class=\"wp-block-heading has-text-color\" id=\"ecosystem\" style=\"color:#000000;font-size:clamp(14px, 0.875rem + ((1vw - 3.2px) * 0.227), 16px);\">Objective 4<\/h6>\n\n\n\n<p class=\"has-text-color\" style=\"color:#000000;font-size:clamp(21.027px, 1.314rem + ((1vw - 3.2px) * 1.474), 34px);font-style:normal;font-weight:700;letter-spacing:0px;line-height:0.9;text-decoration:none;text-transform:none\">Explore forms of collaboration in the production and communication of art<\/p>\n<\/div>\n\n\n\n<div style=\"height:1vw\" aria-hidden=\"true\" class=\"wp-block-spacer\"><\/div>\n\n\n\n<div class=\"wp-block-group alignwide is-vertical is-nowrap is-layout-flex wp-container-core-group-is-layout-7946b6b8 wp-block-group-is-layout-flex\" style=\"padding-top:0;padding-right:0;padding-bottom:0;padding-left:0\">\n<div class=\"wp-block-columns alignwide is-layout-flex wp-container-core-columns-is-layout-21b20327 wp-block-columns-is-layout-flex\">\n<div class=\"wp-block-column is-layout-flow wp-block-column-is-layout-flow\" style=\"flex-basis:50%\">\n<p style=\"font-size:clamp(14px, 0.875rem + ((1vw - 3.2px) * 0.114), 15px);\">As part of the fourth objective, research results concern different forms of collaborative relationships in the production and communication of art works, including architecture, artistic actions, installations in public spaces and activities of art institutions and organizations where participation implies relationships between experts, artists and physical and digital users (audiences). The scientific contribution of the results is related to currently great emphasis on the social role of art and art institutions, which for a long time were considered exclusive to a large number of different groups of users. Therefore, the users and the ways of their inclusion in the collection, production and decision-making processes are placed at the centre of the contemporary thinking and actions of artists and art institutions\/experts.<\/p>\n\n\n\n<div class=\"wp-block-columns is-layout-flex wp-container-core-columns-is-layout-28f84493 wp-block-columns-is-layout-flex\">\n<div class=\"wp-block-column is-layout-flow wp-block-column-is-layout-flow\"><\/div>\n<\/div>\n\n\n\n<p><\/p>\n\n\n\n<figure data-wp-context=\"{&quot;imageId&quot;:&quot;69f320949df9a&quot;}\" data-wp-interactive=\"core\/image\" data-wp-key=\"69f320949df9a\" class=\"wp-block-image aligncenter size-large is-resized has-custom-border wp-lightbox-container\"><img loading=\"lazy\" decoding=\"async\" width=\"1024\" height=\"678\" data-wp-class--hide=\"state.isContentHidden\" data-wp-class--show=\"state.isContentVisible\" data-wp-init=\"callbacks.setButtonStyles\" data-wp-on--click=\"actions.showLightbox\" data-wp-on--load=\"callbacks.setButtonStyles\" data-wp-on-window--resize=\"callbacks.setButtonStyles\" src=\"https:\/\/art-in-society.ffzg.unizg.hr\/wp-content\/uploads\/2024\/01\/Ill.-2-3-1024x678.jpg\" alt=\"\" class=\"wp-image-1523\" style=\"border-style:none;border-width:0px;border-radius:10px;width:599px;height:auto\" srcset=\"https:\/\/art-in-society.ffzg.unizg.hr\/wp-content\/uploads\/2024\/01\/Ill.-2-3-1024x678.jpg 1024w, https:\/\/art-in-society.ffzg.unizg.hr\/wp-content\/uploads\/2024\/01\/Ill.-2-3-300x199.jpg 300w, https:\/\/art-in-society.ffzg.unizg.hr\/wp-content\/uploads\/2024\/01\/Ill.-2-3-768x509.jpg 768w, https:\/\/art-in-society.ffzg.unizg.hr\/wp-content\/uploads\/2024\/01\/Ill.-2-3-1536x1017.jpg 1536w, https:\/\/art-in-society.ffzg.unizg.hr\/wp-content\/uploads\/2024\/01\/Ill.-2-3-2048x1356.jpg 2048w\" sizes=\"auto, (max-width: 1024px) 100vw, 1024px\" \/><button\n\t\t\tclass=\"lightbox-trigger\"\n\t\t\ttype=\"button\"\n\t\t\taria-haspopup=\"dialog\"\n\t\t\taria-label=\"Enlarge\"\n\t\t\tdata-wp-init=\"callbacks.initTriggerButton\"\n\t\t\tdata-wp-on--click=\"actions.showLightbox\"\n\t\t\tdata-wp-style--right=\"state.imageButtonRight\"\n\t\t\tdata-wp-style--top=\"state.imageButtonTop\"\n\t\t>\n\t\t\t<svg xmlns=\"http:\/\/www.w3.org\/2000\/svg\" width=\"12\" height=\"12\" fill=\"none\" viewBox=\"0 0 12 12\">\n\t\t\t\t<path fill=\"#fff\" d=\"M2 0a2 2 0 0 0-2 2v2h1.5V2a.5.5 0 0 1 .5-.5h2V0H2Zm2 10.5H2a.5.5 0 0 1-.5-.5V8H0v2a2 2 0 0 0 2 2h2v-1.5ZM8 12v-1.5h2a.5.5 0 0 0 .5-.5V8H12v2a2 2 0 0 1-2 2H8Zm2-12a2 2 0 0 1 2 2v2h-1.5V2a.5.5 0 0 0-.5-.5H8V0h2Z\" \/>\n\t\t\t<\/svg>\n\t\t<\/button><figcaption class=\"wp-element-caption\">Participative mediation at the exhibition <em>How People Live &#8211; A Report on Passivity, <\/em>discussions between university and secondary school students, Museum of Contemporary Art, Zagreb, 2016. Photo by \u017deljka Miklo\u0161evi\u0107<\/figcaption><\/figure>\n<\/div>\n\n\n\n<div class=\"wp-block-column is-layout-flow wp-block-column-is-layout-flow\" style=\"flex-basis:50%\">\n<figure data-wp-context=\"{&quot;imageId&quot;:&quot;69f320949e54a&quot;}\" data-wp-interactive=\"core\/image\" data-wp-key=\"69f320949e54a\" class=\"wp-block-image aligncenter size-large is-resized has-custom-border wp-lightbox-container\"><img loading=\"lazy\" decoding=\"async\" width=\"1024\" height=\"678\" data-wp-class--hide=\"state.isContentHidden\" data-wp-class--show=\"state.isContentVisible\" data-wp-init=\"callbacks.setButtonStyles\" data-wp-on--click=\"actions.showLightbox\" data-wp-on--load=\"callbacks.setButtonStyles\" data-wp-on-window--resize=\"callbacks.setButtonStyles\" src=\"https:\/\/art-in-society.ffzg.unizg.hr\/wp-content\/uploads\/2024\/01\/Ill.-1-4-1024x678.jpg\" alt=\"\" class=\"wp-image-1522\" style=\"border-radius:10px;width:541px;height:auto\" srcset=\"https:\/\/art-in-society.ffzg.unizg.hr\/wp-content\/uploads\/2024\/01\/Ill.-1-4-1024x678.jpg 1024w, https:\/\/art-in-society.ffzg.unizg.hr\/wp-content\/uploads\/2024\/01\/Ill.-1-4-300x199.jpg 300w, https:\/\/art-in-society.ffzg.unizg.hr\/wp-content\/uploads\/2024\/01\/Ill.-1-4-768x509.jpg 768w, https:\/\/art-in-society.ffzg.unizg.hr\/wp-content\/uploads\/2024\/01\/Ill.-1-4.jpg 1232w\" sizes=\"auto, (max-width: 1024px) 100vw, 1024px\" \/><button\n\t\t\tclass=\"lightbox-trigger\"\n\t\t\ttype=\"button\"\n\t\t\taria-haspopup=\"dialog\"\n\t\t\taria-label=\"Enlarge\"\n\t\t\tdata-wp-init=\"callbacks.initTriggerButton\"\n\t\t\tdata-wp-on--click=\"actions.showLightbox\"\n\t\t\tdata-wp-style--right=\"state.imageButtonRight\"\n\t\t\tdata-wp-style--top=\"state.imageButtonTop\"\n\t\t>\n\t\t\t<svg xmlns=\"http:\/\/www.w3.org\/2000\/svg\" width=\"12\" height=\"12\" fill=\"none\" viewBox=\"0 0 12 12\">\n\t\t\t\t<path fill=\"#fff\" d=\"M2 0a2 2 0 0 0-2 2v2h1.5V2a.5.5 0 0 1 .5-.5h2V0H2Zm2 10.5H2a.5.5 0 0 1-.5-.5V8H0v2a2 2 0 0 0 2 2h2v-1.5ZM8 12v-1.5h2a.5.5 0 0 0 .5-.5V8H12v2a2 2 0 0 1-2 2H8Zm2-12a2 2 0 0 1 2 2v2h-1.5V2a.5.5 0 0 0-.5-.5H8V0h2Z\" \/>\n\t\t\t<\/svg>\n\t\t<\/button><figcaption class=\"wp-element-caption\">Works of participative art by artist Kristina Leko as part of the participative project <em>How People Live &#8211; A Report on Passivity, <\/em>Museum of Contemporary Art, Zagreb, 2016. Photo by \u017deljka Miklo\u0161evi\u0107<\/figcaption><\/figure>\n\n\n\n<p style=\"font-size:clamp(14px, 0.875rem + ((1vw - 3.2px) * 0.114), 15px);\">Such practices follow strategies of cultural policy based on the paradigm of cultural democracy, but also overlapping with the creative economy. One part of the results on collaborative relationships concerns exploring possibilities of developing participation in artistic actions in public space. A comparative analysis of past and contemporary actions will result in insights into the possibilities of developing cooperation through commissioning public works and their further use by different communities, as well as cooperation in communicating their values.<\/p>\n\n\n\n<p style=\"font-size:clamp(14px, 0.875rem + ((1vw - 3.2px) * 0.114), 15px);\">The second branch of research will yield results that concern the research of cooperation with the public in museums and art organisations, which is a practice that tries to address social needs or problems through co-creation of meaning, whereby the concept of shared authority is set as the basic principle of cooperation. This, specifically, concerns research into forms of mediation (physical and digital) by institutions and art organizations in participatory relations between users and art and research into the views of experts and users.<\/p>\n\n\n\n<div class=\"wp-block-buttons is-layout-flex wp-block-buttons-is-layout-flex\">\n<div class=\"wp-block-button is-style-fill\"><a class=\"wp-block-button__link has-contrast-color has-text-color has-background has-link-color wp-element-button\" href=\"https:\/\/art-in-society.ffzg.unizg.hr\/?page_id=1720\" style=\"border-radius:5px;background-color:#e9eb7f96\"><strong>ABOUT THE PROJECT<\/strong><\/a><\/div>\n<\/div>\n<\/div>\n<\/div>\n<\/div>\n<\/div>\n","protected":false},"excerpt":{"rendered":"<p>RESEARCH FIELDS AND OBJECTIVES Objective 1 Explore forms of using art for the shaping of space and identity of communities The first research objective relates to the role of art in shaping the identity of communities. The term community is take to mean the people who live in a specific area or people who are [&hellip;]<\/p>\n","protected":false},"author":1,"featured_media":0,"parent":0,"menu_order":0,"comment_status":"closed","ping_status":"closed","template":"page-no-title","meta":{"footnotes":""},"class_list":["post-896","page","type-page","status-publish","hentry"],"jetpack_sharing_enabled":true,"_links":{"self":[{"href":"https:\/\/art-in-society.ffzg.unizg.hr\/index.php?rest_route=\/wp\/v2\/pages\/896","targetHints":{"allow":["GET"]}}],"collection":[{"href":"https:\/\/art-in-society.ffzg.unizg.hr\/index.php?rest_route=\/wp\/v2\/pages"}],"about":[{"href":"https:\/\/art-in-society.ffzg.unizg.hr\/index.php?rest_route=\/wp\/v2\/types\/page"}],"author":[{"embeddable":true,"href":"https:\/\/art-in-society.ffzg.unizg.hr\/index.php?rest_route=\/wp\/v2\/users\/1"}],"replies":[{"embeddable":true,"href":"https:\/\/art-in-society.ffzg.unizg.hr\/index.php?rest_route=%2Fwp%2Fv2%2Fcomments&post=896"}],"version-history":[{"count":76,"href":"https:\/\/art-in-society.ffzg.unizg.hr\/index.php?rest_route=\/wp\/v2\/pages\/896\/revisions"}],"predecessor-version":[{"id":2306,"href":"https:\/\/art-in-society.ffzg.unizg.hr\/index.php?rest_route=\/wp\/v2\/pages\/896\/revisions\/2306"}],"wp:attachment":[{"href":"https:\/\/art-in-society.ffzg.unizg.hr\/index.php?rest_route=%2Fwp%2Fv2%2Fmedia&parent=896"}],"curies":[{"name":"wp","href":"https:\/\/api.w.org\/{rel}","templated":true}]}}